{"id":999,"date":"2019-11-16T23:17:00","date_gmt":"2019-11-16T22:17:00","guid":{"rendered":"http:\/\/feuerwehr.feuerwehr-juetrichau.de\/?post_type=einsatz&#038;p=999"},"modified":"2019-11-18T11:59:48","modified_gmt":"2019-11-18T10:59:48","slug":"46-2019-einsatz-brand","status":"publish","type":"einsatz","link":"https:\/\/feuerwehr-juetrichau.de\/?einsatz=46-2019-einsatz-brand","title":{"rendered":"46\/2019 &#8211; Einsatz Brand"},"content":{"rendered":"\n<p>In der Biaser Stra\u00dfe, in der N\u00e4he des Zerbster Bahnhofs, war eine Gartenlaube in Brand geraten. Die J\u00fctrichauer Kameraden wurden zur Unterst\u00fctzung der Zerbster Wehr nachalarmiert. Die Wasserentnahmestelle f\u00fcr den Pendelverkehr wurde durch die J\u00fctrichauer Kameraden eingerichtet. 4 Kameraden unterst\u00fctzten die L\u00f6scharbeiten unter Atemschutz.<\/p>\n\n\n\n<figure class=\"wp-block-image size-full is-style-default\"><a href=\"https:\/\/feuerwehr-juetrichau.de\/wp-content\/uploads\/2019\/11\/Laubenbrand.jpg\"><img loading=\"lazy\" decoding=\"async\" width=\"1825\" height=\"795\" src=\"https:\/\/feuerwehr-juetrichau.de\/wp-content\/uploads\/2019\/11\/Laubenbrand.jpg\" alt=\"\" class=\"wp-image-1002\" srcset=\"https:\/\/feuerwehr-juetrichau.de\/wp-content\/uploads\/2019\/11\/Laubenbrand.jpg 1825w, https:\/\/feuerwehr-juetrichau.de\/wp-content\/uploads\/2019\/11\/Laubenbrand-300x131.jpg 300w, https:\/\/feuerwehr-juetrichau.de\/wp-content\/uploads\/2019\/11\/Laubenbrand-1024x446.jpg 1024w, https:\/\/feuerwehr-juetrichau.de\/wp-content\/uploads\/2019\/11\/Laubenbrand-768x335.jpg 768w, https:\/\/feuerwehr-juetrichau.de\/wp-content\/uploads\/2019\/11\/Laubenbrand-1536x669.jpg 1536w, https:\/\/feuerwehr-juetrichau.de\/wp-content\/uploads\/2019\/11\/Laubenbrand-960x418.jpg 960w\" sizes=\"auto, (max-width: 1825px) 100vw, 1825px\" \/><\/a><\/figure>\n\n\n\n<div class=\"wp-block-columns is-layout-flex wp-container-core-columns-is-layout-9d6595d7 wp-block-columns-is-layout-flex\">\n<div class=\"wp-block-column is-layout-flow wp-block-column-is-layout-flow\">\n<figure class=\"wp-block-image size-thumbnail is-style-circle-mask\"><a href=\"https:\/\/feuerwehr-juetrichau.de\/wp-content\/uploads\/2019\/11\/img-20191116-wa00034474390450846084528.jpg\"><img loading=\"lazy\" decoding=\"async\" width=\"150\" height=\"150\" src=\"https:\/\/feuerwehr-juetrichau.de\/wp-content\/uploads\/2019\/11\/img-20191116-wa00034474390450846084528-150x150.jpg\" alt=\"\" class=\"wp-image-995\"\/><\/a><\/figure>\n<\/div>\n\n\n\n<div class=\"wp-block-column is-layout-flow wp-block-column-is-layout-flow\">\n<figure class=\"wp-block-image size-thumbnail is-style-circle-mask\"><a href=\"https:\/\/feuerwehr-juetrichau.de\/wp-content\/uploads\/2019\/11\/img-20191117-wa00077864275650795766344.jpg\"><img loading=\"lazy\" decoding=\"async\" width=\"150\" height=\"150\" src=\"https:\/\/feuerwehr-juetrichau.de\/wp-content\/uploads\/2019\/11\/img-20191117-wa00077864275650795766344-150x150.jpg\" alt=\"\" class=\"wp-image-996\"\/><\/a><\/figure>\n<\/div>\n\n\n\n<div class=\"wp-block-column is-layout-flow wp-block-column-is-layout-flow\">\n<figure class=\"wp-block-image size-thumbnail is-style-circle-mask\"><a href=\"https:\/\/feuerwehr-juetrichau.de\/wp-content\/uploads\/2019\/11\/screenshot_20191117-193914_whatsapp8057388298233843022.jpg\"><img loading=\"lazy\" decoding=\"async\" width=\"150\" height=\"150\" src=\"https:\/\/feuerwehr-juetrichau.de\/wp-content\/uploads\/2019\/11\/screenshot_20191117-193914_whatsapp8057388298233843022-150x150.jpg\" alt=\"\" class=\"wp-image-997\"\/><\/a><\/figure>\n<\/div>\n<\/div>\n","protected":false},"author":1,"featured_media":0,"template":"","meta":{"einsatz_weight":1,"footnotes":""},"categories":[1],"einsatzart":[19],"fahrzeug":[22,23,21],"exteinsatzmittel":[27,28],"alarmierungsart":[25,24,26],"evw_unit":[],"class_list":["post-999","einsatz","type-einsatz","status-publish","hentry","category-einsaetze-2019","einsatzart-einsatz-brand-gebaeude-1-2-og","fahrzeug-mzf","fahrzeug-tsa","fahrzeug-tsf-w-s","exteinsatzmittel-ffw-zerbst","exteinsatzmittel-polizei","alarmierungsart-rme","alarmierungsart-sirene","alarmierungsart-smartphone"],"_links":{"self":[{"href":"https:\/\/feuerwehr-juetrichau.de\/index.php?rest_route=\/wp\/v2\/einsatz\/999","targetHints":{"allow":["GET"]}}],"collection":[{"href":"https:\/\/feuerwehr-juetrichau.de\/index.php?rest_route=\/wp\/v2\/einsatz"}],"about":[{"href":"https:\/\/feuerwehr-juetrichau.de\/index.php?rest_route=\/wp\/v2\/types\/einsatz"}],"author":[{"embeddable":true,"href":"https:\/\/feuerwehr-juetrichau.de\/index.php?rest_route=\/wp\/v2\/users\/1"}],"version-history":[{"count":5,"href":"https:\/\/feuerwehr-juetrichau.de\/index.php?rest_route=\/wp\/v2\/einsatz\/999\/revisions"}],"predecessor-version":[{"id":1007,"href":"https:\/\/feuerwehr-juetrichau.de\/index.php?rest_route=\/wp\/v2\/einsatz\/999\/revisions\/1007"}],"wp:attachment":[{"href":"https:\/\/feuerwehr-juetrichau.de\/index.php?rest_route=%2Fwp%2Fv2%2Fmedia&parent=999"}],"wp:term":[{"taxonomy":"category","embeddable":true,"href":"https:\/\/feuerwehr-juetrichau.de\/index.php?rest_route=%2Fwp%2Fv2%2Fcategories&post=999"},{"taxonomy":"einsatzart","embeddable":true,"href":"https:\/\/feuerwehr-juetrichau.de\/index.php?rest_route=%2Fwp%2Fv2%2Feinsatzart&post=999"},{"taxonomy":"fahrzeug","embeddable":true,"href":"https:\/\/feuerwehr-juetrichau.de\/index.php?rest_route=%2Fwp%2Fv2%2Ffahrzeug&post=999"},{"taxonomy":"exteinsatzmittel","embeddable":true,"href":"https:\/\/feuerwehr-juetrichau.de\/index.php?rest_route=%2Fwp%2Fv2%2Fexteinsatzmittel&post=999"},{"taxonomy":"alarmierungsart","embeddable":true,"href":"https:\/\/feuerwehr-juetrichau.de\/index.php?rest_route=%2Fwp%2Fv2%2Falarmierungsart&post=999"},{"taxonomy":"evw_unit","embeddable":true,"href":"https:\/\/feuerwehr-juetrichau.de\/index.php?rest_route=%2Fwp%2Fv2%2Fevw_unit&post=999"}],"curies":[{"name":"wp","href":"https:\/\/api.w.org\/{rel}","templated":true}]}}